{"id":2946,"date":"2024-10-16T11:15:41","date_gmt":"2024-10-16T09:15:41","guid":{"rendered":"https:\/\/vakunda.de\/?page_id=2946"},"modified":"2024-10-16T11:26:51","modified_gmt":"2024-10-16T09:26:51","slug":"impressum","status":"publish","type":"page","link":"https:\/\/vakunda.de\/?page_id=2946","title":{"rendered":"Impressum"},"content":{"rendered":"\n<h3 class=\"wp-block-heading alignwide\">Skulpturen von B. Tegeler<\/h3>\n\n\n\n<div class=\"wp-block-columns alignwide is-layout-flex wp-container-core-columns-is-layout-9d6595d7 wp-block-columns-is-layout-flex\">\n<div class=\"wp-block-column is-layout-flow wp-block-column-is-layout-flow\" style=\"flex-basis:100%\">\n<p>Ver\u00f6ffentlichung nur auf Anfrage.<\/p>\n\n\n\n<p>Inhaltlich verantwortlich gem\u00e4\u00df \u00a7 6 TDG (Teledienstgesetz):<br>Burkhard Tegeler<br>Pfl\u00fcgerweg 10, 28213 Bremen<br>Tel.: 0421 \u2013 372 007<br>E-Mail: Tegeler@Vakunda.de<br><a href=\"https:\/\/Vakunda.de\">https:\/\/Vakunda.de<\/a><br>Copyright \u00a9 by Burkhard Tegeler.<\/p>\n\n\n\n<h3 class=\"wp-block-heading\"><strong>Realisierung der Webseite<\/strong><\/h3>\n\n\n\n<p>Petra D\u00f6rsam: Fotografien (Galeriebilder, Outdooraufnahmen)<br>Barbara Behrens: Konzept und Webentwicklung und Fotografien (Outdooraufnahmen, Portraitfoto)<br>Kai Sch\u00e4fer: Programmierung und Bugfixing<br>Burkhard Tegeler: Texte und Fotografien (Werkstatt)<\/p>\n<\/div>\n<\/div>\n\n\n\n<p><\/p>\n\n\n\n<div class=\"wp-block-columns alignwide is-layout-flex wp-container-core-columns-is-layout-9d6595d7 wp-block-columns-is-layout-flex\">\n<div class=\"wp-block-column is-layout-flow wp-block-column-is-layout-flow\" style=\"flex-basis:100%\">\n<p><strong>Haftungsbeschr\u00e4nkung<\/strong><br>Die Inhalte dieser Website werden mit gr\u00f6\u00dftm\u00f6glicher Sorgfalt erstellt. Der Anbieter \u00fcbernimmt jedoch keine Gew\u00e4hr f\u00fcr die Richtigkeit, Vollst\u00e4ndigkeit und Aktualit\u00e4t der bereitgestellten Inhalte. Die Nutzung der Inhalte der Website erfolgt auf eigene Gefahr des Nutzers. Namentlich gekennzeichnete Beitr\u00e4ge geben die Meinung des jeweiligen Autors und nicht immer die Meinung des Anbieters wieder. Mit der reinen Nutzung der Website des Anbieters kommt keinerlei Vertragsverh\u00e4ltnis zwischen dem Nutzer und dem Anbieter zustande.<\/p>\n<\/div>\n<\/div>\n\n\n\n<div class=\"wp-block-columns alignwide is-layout-flex wp-container-core-columns-is-layout-9d6595d7 wp-block-columns-is-layout-flex\">\n<div class=\"wp-block-column is-layout-flow wp-block-column-is-layout-flow\" style=\"flex-basis:100%\">\n<p><strong>Externe Links<\/strong><br>Diese Website enth\u00e4lt Verkn\u00fcpfungen zu Websites Dritter (\u201eexterne Links\u201c). Diese Websites unterliegender Haftung der jeweiligen Betreiber. Der Anbieter hat bei der erstmaligen Verkn\u00fcpfung der externen Links die fremden Inhalte daraufhin \u00fcberpr\u00fcft, ob etwaige Rechtsverst\u00f6\u00dfe bestehen. Zu dem Zeitpunkt waren keine Rechtsverst\u00f6\u00dfe ersichtlich. Der Anbieter hat keinerlei Einfluss auf die aktuelle und zuk\u00fcnftige Gestaltung und auf die Inhalte der verkn\u00fcpften Seiten. Das Setzen von externen Links bedeutet nicht, dass sich der Anbieter die hinter dem Verweis oder Link liegenden Inhalte zu Eigen macht. Eine st\u00e4ndige Kontrolle der externen Links ist f\u00fcr den Anbieter ohne konkrete Hinweise auf Rechtsverst\u00f6\u00dfe nicht zumutbar. Bei Kenntnis von Rechtsverst\u00f6\u00dfen werden jedoch derartige externe Links unverz\u00fcglich gel\u00f6scht.<\/p>\n<\/div>\n<\/div>\n\n\n\n<div class=\"wp-block-columns alignwide is-layout-flex wp-container-core-columns-is-layout-9d6595d7 wp-block-columns-is-layout-flex\">\n<div class=\"wp-block-column is-layout-flow wp-block-column-is-layout-flow\" style=\"flex-basis:100%\">\n<p><strong>Urheber- und Leistungsschutzrechte<\/strong><br>Die auf dieser Website ver\u00f6ffentlichten Inhalte unterliegen dem deutschen Urheber- und Leistungsschutzrecht. Jede vom deutschen Urheber- und Leistungsschutzrecht nicht zugelassene Verwertung bedarf der vorherigen schriftlichen Zustimmung des Anbieters oder jeweiligen Rechteinhabers. Dies gilt insbesondere f\u00fcr Vervielf\u00e4ltigung, Bearbeitung, \u00dcbersetzung, Einspeicherung, Verarbeitung bzw. Wiedergabe von Inhalten in Datenbanken oder anderen elektronischen Medien und Systemen. Inhalte und Rechte Dritter sind dabei als solche gekennzeichnet. Die unerlaubte Vervielf\u00e4ltigung oder Weitergabe einzelner Inhalte oder kompletter Seiten ist nicht gestattet und strafbar. Lediglich die Herstellung von Kopien und Downloads f\u00fcr den pers\u00f6nlichen, privaten und nicht kommerziellen Gebrauch ist erlaubt. Die Darstellung dieser Website in fremden Frames ist nur mit schriftlicher Erlaubnis zul\u00e4ssig.<\/p>\n<\/div>\n<\/div>\n\n\n\n<div class=\"wp-block-columns alignwide is-layout-flex wp-container-core-columns-is-layout-9d6595d7 wp-block-columns-is-layout-flex\">\n<div class=\"wp-block-column is-layout-flow wp-block-column-is-layout-flow\" style=\"flex-basis:100%\">\n<p><strong>Besondere Nutzungsbedingungen<\/strong><br>Soweit besondere Bedingungen f\u00fcr einzelne Nutzungen dieser Website von den vorgenannten Nummern 1. bis 4. abweichen, wird an entsprechender Stelle ausdr\u00fccklich darauf hingewiesen. In diesem Falle gelten im jeweiligen Einzelfall die besonderen Nutzungsbedingungen.<\/p>\n<\/div>\n<\/div>\n\n\n\n<h2 class=\"wp-block-heading alignwide\">Datenschutz<\/h2>\n\n\n\n<div class=\"wp-block-columns alignwide is-layout-flex wp-container-core-columns-is-layout-9d6595d7 wp-block-columns-is-layout-flex\">\n<div class=\"wp-block-column is-layout-flow wp-block-column-is-layout-flow\" style=\"flex-basis:100%\">\n<p><strong>Datenschutzerkl\u00e4rung<\/strong>:<\/p>\n<\/div>\n<\/div>\n\n\n\n<div class=\"wp-block-columns alignwide is-layout-flex wp-container-core-columns-is-layout-9d6595d7 wp-block-columns-is-layout-flex\">\n<div class=\"wp-block-column is-layout-flow wp-block-column-is-layout-flow\" style=\"flex-basis:100%\">\n<p>Der Schutz Ihrer Daten<br>Es ist uns wichtig, dass Sie jederzeit wissen, wann wir welche Daten speichern und wof\u00fcr wir diese verwenden.<br>Jedes Eingabeformular enth\u00e4lt deshalb zus\u00e4tzlich einen konkreten Datenschutzhinweis sowie die M\u00f6glichkeit eines Widerrufs.<br>Ihr Browser \u00fcbermittelt beim Zugriff auf unsere Onlineangebote automatisch Daten an unseren Webserver, und zwar:<br>Datum und Uhrzeit des Zugriffs,abgerufene Datei,Internetadresse der verweisenden Webseite,Browsertyp, -sprache und -version,Betriebssystem.<br>Diese Daten werden nicht ausgewertet, sofern gesetzliche Vorschriften nichts anders bestimmen.<br>Datenschutzerkl\u00e4rung f\u00fcr die Nutzung von Facebook-Plugins (Like-Button)Auf unseren Seiten sind Plugins des sozialen Netzwerks Facebook, Anbieter Facebook Inc., 1 Hacker Way, Menlo Park, California 94025, USA, integriert.<br>Die Facebook-Plugins erkennen Sie an dem Facebook-Logo oder dem \u201eLike-Button\u201c (\u201eGef\u00e4llt mir\u201c) auf unserer Seite.<br>Eine \u00dcbersicht \u00fcber die Facebook-Plugins finden Sie hier: http:\/\/developers.facebook.com\/docs\/plugins\/.<br>Wenn Sie unsere Seiten besuchen, wird \u00fcber das Plugin eine direkte Verbindung zwischen Ihrem Browser und dem Facebook-Server hergestellt.<br>Facebook erh\u00e4lt dadurch die Information, dass Sie mit Ihrer IP-Adresse unsere Seite besucht haben.<br>Wenn Sie den Facebook \u201eLike-Button\u201c anklicken w\u00e4hrend Sie in Ihrem Facebook-Account eingeloggt sind, k\u00f6nnen Sie die Inhalte unserer Seiten auf Ihrem Facebook-Profil verlinken.<br>Dadurch kann Facebook den Besuch unserer Seiten Ihrem Benutzerkonto zuordnen.<br>Wir weisen darauf hin, dass wir als Anbieter der Seiten keine Kenntnis vom Inhalt der \u00fcbermittelten Daten sowie deren Nutzung durch Facebook erhalten.<br>Weitere Informationen hierzu finden Sie in der Datenschutzerkl\u00e4rung von Facebook unter http:\/\/de-de.facebook.com\/policy.php.<br>Wenn Sie nicht w\u00fcnschen, dass Facebook den Besuch unserer Seiten Ihrem Facebook- Nutzerkonto zuordnen kann, loggen Sie sich bitte aus Ihrem Facebook-Benutzerkonto aus.<\/p>\n<\/div>\n<\/div>\n\n\n\n<div class=\"wp-block-columns alignwide is-layout-flex wp-container-core-columns-is-layout-9d6595d7 wp-block-columns-is-layout-flex\">\n<div class=\"wp-block-column is-layout-flow wp-block-column-is-layout-flow\" style=\"flex-basis:100%\">\n<p>Datenschutzerkl\u00e4rung f\u00fcr die Nutzung von Google Analytics<br>Diese Website nutzt Funktionen des Webanalysedienstes Google Analytics.<br>Anbieter ist die Google Inc. 1600 Amphitheatre Parkway Mountain View, CA 94043, USA.<br>Google Analytics verwendet sog. \u201eCookies\u201c.<br>Das sind Textdateien, die auf Ihrem Computer gespeichert werden und die eine Analyse der Benutzung der Website durch Sie erm\u00f6glichen.<br>Die durch den Cookie erzeugten Informationen \u00fcber Ihre Benutzung dieser Website werden in der Regel an einen Server von Google in den USA \u00fcbertragen und dort gespeichert.<br>Im Falle der Aktivierung der IP-Anonymisierung auf dieser Webseite wird Ihre IP-Adresse von Google jedoch innerhalb von Mitgliedstaaten der Europ\u00e4ischen Union oder in anderen Vertragsstaaten des Abkommens \u00fcber den Europ\u00e4ischen Wirtschaftsraum zuvor gek\u00fcrzt.<br>Nur in Ausnahmef\u00e4llen wird die volle IP-Adresse an einen Server von Google in den USA \u00fcbertragen und dort gek\u00fcrzt.<br>Im Auftrag des Betreibers dieser Website wird Google diese Informationen benutzen, um Ihre Nutzung der Website auszuwerten, um Reports \u00fcber die Websiteaktivit\u00e4ten zusammenzustellen und um weitere mit der Websitenutzung und der Internetnutzung verbundene Dienstleistungen gegen\u00fcber dem Websitebetreiber zu erbringen.<br>Die im Rahmen von Google Analytics von Ihrem Browser \u00fcbermittelte IP-Adresse wird nicht mit anderen Daten von Google zusammengef\u00fchrt.<br>Sie k\u00f6nnen die Speicherung der Cookies durch eine entsprechende Einstellung Ihrer Browser-Software verhindern; wir weisen Sie jedoch darauf hin, dass Sie in diesem Fall gegebenenfalls nicht s\u00e4mtliche Funktionen dieser Website vollumf\u00e4nglich werden nutzen k\u00f6nnen.<br>Sie k\u00f6nnen dar\u00fcber hinaus die Erfassung der durch das Cookie erzeugten und auf Ihre Nutzung der Website bezogenen Daten (inkl. Ihrer IP-Adresse) an Google sowie die Verarbeitung dieser Daten durch Google verhindern, indem sie das unter dem folgenden Link verf\u00fcgbare Browser-Plugin herunterladen und installieren: http:\/\/tools.google.com\/dlpage\/gaoptout?hl=deDatenschutzerkl\u00e4rung f\u00fcr die Nutzung von Google +1Unsere Seiten nutzen Funktionen von Google +1. Anbieter ist die Google Inc. 1600 Amphitheatre Parkway Mountain View, CA 94043, USA.<\/p>\n<\/div>\n<\/div>\n\n\n\n<div class=\"wp-block-columns alignwide is-layout-flex wp-container-core-columns-is-layout-9d6595d7 wp-block-columns-is-layout-flex\">\n<div class=\"wp-block-column is-layout-flow wp-block-column-is-layout-flow\" style=\"flex-basis:100%\">\n<p>Erfassung und Weitergabe von Informationen: Mithilfe der Google +1-Schaltfl\u00e4che k\u00f6nnen Sie Informationen weltweit ver\u00f6ffentlichen. \u00fcber die Google +1-Schaltfl\u00e4che erhalten Sie und andere Nutzer personalisierte Inhalte von Google und unseren Partnern.<br>Google speichert sowohl die Information, dass Sie f\u00fcr einen Inhalt +1 gegeben haben, als auch Informationen \u00fcber die Seite, die Sie beim Klicken auf +1 angesehen haben.<br>Ihre +1 k\u00f6nnen als Hinweise zusammen mit Ihrem Profilnamen und Ihrem Foto in Google-Diensten, wie etwa in Suchergebnissen oder in Ihrem Google-Profil, oder an anderen Stellen auf Websites und Anzeigen im Internet eingeblendet werden.<br>Google zeichnet Informationen \u00fcber Ihre +1-Aktivit\u00e4ten auf, um die Google-Dienste f\u00fcr Sie und andere zu verbessern.<br>Um die Google +1-Schaltfl\u00e4che verwenden zu k\u00f6nnen, ben\u00f6tigen Sie ein weltweit sichtbares, \u00f6ffentliches Google-Profil, das zumindest den f\u00fcr das Profil gew\u00e4hlten Namen enthalten muss.<br>Dieser Name wird in allen Google-Diensten verwendet.<br>In manchen F\u00e4llen kann dieser Name auch einen anderen Namen ersetzen, den Sie beim Teilen von Inhalten \u00fcber Ihr Google-Konto verwendet haben.<br>Die Identit\u00e4t Ihres Google- Profils kann Nutzern angezeigt werden, die Ihre E-Mail-Adresse kennen oder \u00fcber andere identifizierende Informationen von Ihnen verf\u00fcgen.Verwendung der erfassten Informationen:<br>Neben den oben erl\u00e4uterten Verwendungszwecken werden die von Ihnen bereitgestellten Informationen gem\u00e4\u00df den geltenden Google-Datenschutzbestimmungen genutzt.<br>Google ver\u00f6ffentlicht m\u00f6glicherweise zusammengefasste Statistiken \u00fcber die +1-Aktivit\u00e4ten der Nutzer bzw. gibt diese an Nutzer und Partner weiter, wie etwa Publisher, Inserenten oder verbundene Websites.<\/p>\n<\/div>\n<\/div>\n\n\n\n<div class=\"wp-block-columns alignwide is-layout-flex wp-container-core-columns-is-layout-9d6595d7 wp-block-columns-is-layout-flex\">\n<div class=\"wp-block-column is-layout-flow wp-block-column-is-layout-flow\" style=\"flex-basis:100%\">\n<p>Datenschutzerkl\u00e4rung f\u00fcr die Nutzung von Instagram<br>Auf unseren Seiten sind Funktionen des Dienstes Instagram eingebunden.<br>Diese Funktionen werden angeboten durch die Instagram Inc., 1601 Willow Road, Menlo Park, CA, 94025, USA integriert.<br>Wenn Sie in Ihrem Instagram \u2013 Account eingeloggt sind k\u00f6nnen Sie durch Anklicken des Instagram \u2013 Buttons die Inhalte unserer Seiten mit Ihrem Instagram \u2013 Profil verlinken.<br>Dadurch kann Instagram den Besuch unserer Seiten Ihrem Benutzerkonto zuordnen.<br>Wir weisen darauf hin, dass wir als Anbieter der Seiten keine Kenntnis vom Inhalt der \u00fcbermittelten Daten sowie deren Nutzung durch Instagram erhalten.<br>Weitere Informationen hierzu finden Sie in der Datenschutzerkl\u00e4rung von Instagram: http:\/\/instagram.com\/about\/legal\/privacy\/Datenschutzerkl\u00e4rung f\u00fcr die Nutzung von LinkedInUnsere Website nutzt Funktionen des Netzwerks LinkedIn. Anbieter ist die LinkedIn Corporation, 2029 Stierlin Court, Mountain View, CA 94043, USA.<br>Bei jedem Abruf einer unserer Seiten, die Funktionen von LinkedIn enth\u00e4lt, wird eine Verbindung zu Servern von LinkedIn aufbaut.<br>LinkedIn wird dar\u00fcber informiert, dass Sie unsere Internetseiten mit Ihrer IP-Adresse besucht haben.<br>Wenn Sie den \u201eRecommend-Button\u201c von LinkedIn anklicken und in Ihrem Account bei LinkedIn eingeloggt sind, ist es LinkedIn m\u00f6glich, Ihren Besuch auf unserer Internetseite Ihnen und Ihrem Benutzerkonto zuzuordnen.<br>Wir weisen darauf hin, dass wir als Anbieter der Seiten keine Kenntnis vom Inhalt der \u00fcbermittelten Daten sowie deren Nutzung durch LinkedIn haben.<br>Weitere Informationen hierzu finden Sie in der Datenschutzerkl\u00e4rung von LinkedIn unter: https:\/\/www.linkedin.com\/legal\/privacy-policyDatenschutzerkl\u00e4rung f\u00fcr die Nutzung von TwitterAuf unseren Seiten sind Funktionen des Dienstes Twitter eingebunden.<br>Diese Funktionen werden angeboten durch die Twitter Inc., 1355 Market Street, Suite 900, San Francisco, CA 94103, USA.<\/p>\n<\/div>\n<\/div>\n\n\n\n<div class=\"wp-block-columns alignwide is-layout-flex wp-container-core-columns-is-layout-9d6595d7 wp-block-columns-is-layout-flex\">\n<div class=\"wp-block-column is-layout-flow wp-block-column-is-layout-flow\" style=\"flex-basis:100%\">\n<p>Durch das Benutzen von Twitter und der Funktion \u201eRe-Tweet\u201c werden die von Ihnen besuchten Webseiten mit Ihrem Twitter-Account verkn\u00fcpft und anderen Nutzern bekannt gegeben.<br>Dabei werden auch Daten an Twitter \u00fcbertragen.<br>Wir weisen darauf hin, dass wir als Anbieter der Seiten keine Kenntnis vom Inhalt der \u00fcbermittelten Daten sowie deren Nutzung durch Twitter erhalten.<br>Weitere Informationen hierzu finden Sie in der Datenschutzerkl\u00e4rung von Twitter unter http:\/\/twitter.com\/privacy.<br>Ihre Datenschutzeinstellungen bei Twitter k\u00f6nnen Sie in den Konto-Einstellungen unter http:\/\/twitter.com\/account\/settings \u00e4ndern.<\/p>\n<\/div>\n<\/div>\n\n\n\n<div class=\"wp-block-columns alignwide is-layout-flex wp-container-core-columns-is-layout-9d6595d7 wp-block-columns-is-layout-flex\">\n<div class=\"wp-block-column is-layout-flow wp-block-column-is-layout-flow\" style=\"flex-basis:100%\">\n<p>Auskunft, L\u00f6schung, Sperrung<br>Sie haben jederzeit das Recht auf unentgeltliche Auskunft \u00fcber Ihre gespeicherten personenbezogenen Daten, deren Herkunft und Empf\u00e4nger und den Zweck der Datenverarbeitung sowie ein Recht auf Berichtigung, Sperrung oder L\u00f6schung dieser Daten.<br>Hierzu sowie zu weiteren Fragen zum Thema personenbezogene Daten k\u00f6nnen Sie sich jederzeit unter der im Impressum angegebenen Adresse an uns wenden.<\/p>\n<\/div>\n<\/div>\n\n\n\n<div class=\"wp-block-columns alignwide is-layout-flex wp-container-core-columns-is-layout-9d6595d7 wp-block-columns-is-layout-flex\">\n<div class=\"wp-block-column is-layout-flow wp-block-column-is-layout-flow\" style=\"flex-basis:100%\">\n<p>Cookies<br>Die Internetseiten verwenden teilweise so genannte Cookies. Cookies richten auf Ihrem Rechner keinen Schaden an und enthalten keine Viren.<br>Cookies dienen dazu, unser Angebot nutzerfreundlicher, effektiver und sicherer zu machen.<br>Cookies sind kleine Textdateien, die auf Ihrem Rechner abgelegt werden und die Ihr Browser speichert.<br>Die meisten der von uns verwendeten Cookies sind so genannte \u201eSession-Cookies\u201c.<br>Sie werden nach Ende Ihres Besuchs automatisch gel\u00f6scht.<br>Andere Cookies bleiben auf Ihrem Endger\u00e4t gespeichert, bis Sie diese l\u00f6schen.<br>Diese Cookies erm\u00f6glichen es uns, Ihren Browser beim n\u00e4chsten Besuch wiederzuerkennen.<br>Sie k\u00f6nnen Ihren Browser so einstellen, dass Sie \u00fcber das Setzen von Cookies informiert werden und Cookies nur im Einzelfall erlauben, die Annahme von Cookies f\u00fcr bestimmte F\u00e4lle oder generell ausschlie\u00dfen sowie das automatische L\u00f6schen der Cookies beim Schlie\u00dfen des Browser aktivieren.<br>Bei der Deaktivierung von Cookies kann die Funktionalit\u00e4t dieser Website eingeschr\u00e4nkt sein.<\/p>\n<\/div>\n<\/div>\n\n\n\n<div class=\"wp-block-columns alignwide is-layout-flex wp-container-core-columns-is-layout-9d6595d7 wp-block-columns-is-layout-flex\">\n<div class=\"wp-block-column is-layout-flow wp-block-column-is-layout-flow\" style=\"flex-basis:100%\">\n<p>Kontaktformular<br>Wenn Sie uns per Kontaktformular Anfragen zukommen lassen, werden Ihre Angaben aus dem Anfrageformular inklusive der von Ihnen dort angegebenen Kontaktdaten zwecks Bearbeitung der Anfrage und f\u00fcr den Fall von Anschlussfragen bei uns gespeichert.<br>Diese Daten geben wir nicht ohne Ihre Einwilligung weiter.<\/p>\n<\/div>\n<\/div>\n\n\n\n<div class=\"wp-block-columns alignwide is-layout-flex wp-container-core-columns-is-layout-9d6595d7 wp-block-columns-is-layout-flex\">\n<div class=\"wp-block-column is-layout-flow wp-block-column-is-layout-flow\" style=\"flex-basis:100%\">\n<p>Widerspruch Werbe-Mails<br>Der Nutzung von im Rahmen der Impressumspflicht ver\u00f6ffentlichten Kontaktdaten zur \u00dcbersendung von nicht ausdr\u00fccklich angeforderter Werbung und Informationsmaterialien wird hiermit widersprochen.<br>Die Betreiber der Seiten behalten sich ausdr\u00fccklich rechtliche Schritte im Falle der unverlangten Zusendung von Werbeinformationen, etwa durch Spam-E-Mails, vor.<\/p>\n<\/div>\n<\/div>\n\n\n\n<div style=\"height:100px\" aria-hidden=\"true\" class=\"wp-block-spacer\"><\/div>\n","protected":false},"excerpt":{"rendered":"<p>Skulpturen von B. Tegeler Ver\u00f6ffentlichung nur auf Anfrage. Inhaltlich verantwortlich gem\u00e4\u00df \u00a7 6 TDG (Teledienstgesetz):Burkhard TegelerPfl\u00fcgerweg 10, 28213 BremenTel.: 0421 \u2013 372 007E-Mail: Tegeler@Vakunda.dehttps:\/\/Vakunda.deCopyright \u00a9 by Burkhard Tegeler. Realisierung der Webseite Petra D\u00f6rsam: Fotografien (Galeriebilder, Outdooraufnahmen)Barbara Behrens: Konzept und Webentwicklung und Fotografien (Outdooraufnahmen, Portraitfoto)Kai Sch\u00e4fer: Programmierung und BugfixingBurkhard Tegeler: Texte und Fotografien (Werkstatt) Haftungsbeschr\u00e4nkungDie Inhalte&hellip; <a class=\"more-link\" href=\"https:\/\/vakunda.de\/?page_id=2946\"><span class=\"screen-reader-text\">Impressum<\/span> weiterlesen<\/a><\/p>\n","protected":false},"author":2,"featured_media":0,"parent":0,"menu_order":0,"comment_status":"closed","ping_status":"closed","template":"","meta":{"_uag_custom_page_level_css":"","footnotes":""},"class_list":["post-2946","page","type-page","status-publish","hentry","entry"],"yoast_head":"<!-- This site is optimized with the Yoast SEO plugin v27.5 - https:\/\/yoast.com\/product\/yoast-seo-wordpress\/ -->\n<title>Impressum - Vakunda<\/title>\n<meta name=\"robots\" content=\"index, follow, max-snippet:-1, max-image-preview:large, max-video-preview:-1\" \/>\n<link rel=\"canonical\" href=\"https:\/\/vakunda.de\/?page_id=2946\" \/>\n<meta property=\"og:locale\" content=\"de_DE\" \/>\n<meta property=\"og:type\" content=\"article\" \/>\n<meta property=\"og:title\" content=\"Impressum - Vakunda\" \/>\n<meta property=\"og:description\" content=\"Skulpturen von B. Tegeler Ver\u00f6ffentlichung nur auf Anfrage. Inhaltlich verantwortlich gem\u00e4\u00df \u00a7 6 TDG (Teledienstgesetz):Burkhard TegelerPfl\u00fcgerweg 10, 28213 BremenTel.: 0421 \u2013 372 007E-Mail: Tegeler@Vakunda.dehttps:\/\/Vakunda.deCopyright \u00a9 by Burkhard Tegeler. Realisierung der Webseite Petra D\u00f6rsam: Fotografien (Galeriebilder, Outdooraufnahmen)Barbara Behrens: Konzept und Webentwicklung und Fotografien (Outdooraufnahmen, Portraitfoto)Kai Sch\u00e4fer: Programmierung und BugfixingBurkhard Tegeler: Texte und Fotografien (Werkstatt) Haftungsbeschr\u00e4nkungDie Inhalte&hellip; Impressum weiterlesen\" \/>\n<meta property=\"og:url\" content=\"https:\/\/vakunda.de\/?page_id=2946\" \/>\n<meta property=\"og:site_name\" content=\"Vakunda\" \/>\n<meta property=\"article:modified_time\" content=\"2024-10-16T09:26:51+00:00\" \/>\n<meta name=\"twitter:card\" content=\"summary_large_image\" \/>\n<meta name=\"twitter:label1\" content=\"Gesch\u00e4tzte Lesezeit\" \/>\n\t<meta name=\"twitter:data1\" content=\"10\u00a0Minuten\" \/>\n<script type=\"application\/ld+json\" class=\"yoast-schema-graph\">{\"@context\":\"https:\\\/\\\/schema.org\",\"@graph\":[{\"@type\":\"WebPage\",\"@id\":\"https:\\\/\\\/vakunda.de\\\/?page_id=2946\",\"url\":\"https:\\\/\\\/vakunda.de\\\/?page_id=2946\",\"name\":\"Impressum - Vakunda\",\"isPartOf\":{\"@id\":\"https:\\\/\\\/vakunda.de\\\/#website\"},\"datePublished\":\"2024-10-16T09:15:41+00:00\",\"dateModified\":\"2024-10-16T09:26:51+00:00\",\"breadcrumb\":{\"@id\":\"https:\\\/\\\/vakunda.de\\\/?page_id=2946#breadcrumb\"},\"inLanguage\":\"de\",\"potentialAction\":[{\"@type\":\"ReadAction\",\"target\":[\"https:\\\/\\\/vakunda.de\\\/?page_id=2946\"]}]},{\"@type\":\"BreadcrumbList\",\"@id\":\"https:\\\/\\\/vakunda.de\\\/?page_id=2946#breadcrumb\",\"itemListElement\":[{\"@type\":\"ListItem\",\"position\":1,\"name\":\"Startseite\",\"item\":\"https:\\\/\\\/vakunda.de\\\/\"},{\"@type\":\"ListItem\",\"position\":2,\"name\":\"Impressum\"}]},{\"@type\":\"WebSite\",\"@id\":\"https:\\\/\\\/vakunda.de\\\/#website\",\"url\":\"https:\\\/\\\/vakunda.de\\\/\",\"name\":\"Vakunda\",\"description\":\"Plastikwelten\",\"publisher\":{\"@id\":\"https:\\\/\\\/vakunda.de\\\/#organization\"},\"potentialAction\":[{\"@type\":\"SearchAction\",\"target\":{\"@type\":\"EntryPoint\",\"urlTemplate\":\"https:\\\/\\\/vakunda.de\\\/?s={search_term_string}\"},\"query-input\":{\"@type\":\"PropertyValueSpecification\",\"valueRequired\":true,\"valueName\":\"search_term_string\"}}],\"inLanguage\":\"de\"},{\"@type\":\"Organization\",\"@id\":\"https:\\\/\\\/vakunda.de\\\/#organization\",\"name\":\"Vakunda\",\"url\":\"https:\\\/\\\/vakunda.de\\\/\",\"logo\":{\"@type\":\"ImageObject\",\"inLanguage\":\"de\",\"@id\":\"https:\\\/\\\/vakunda.de\\\/#\\\/schema\\\/logo\\\/image\\\/\",\"url\":\"https:\\\/\\\/vakunda.de\\\/wp-content\\\/uploads\\\/2021\\\/12\\\/BT-Logo-orange.png\",\"contentUrl\":\"https:\\\/\\\/vakunda.de\\\/wp-content\\\/uploads\\\/2021\\\/12\\\/BT-Logo-orange.png\",\"width\":541,\"height\":122,\"caption\":\"Vakunda\"},\"image\":{\"@id\":\"https:\\\/\\\/vakunda.de\\\/#\\\/schema\\\/logo\\\/image\\\/\"}}]}<\/script>\n<!-- \/ Yoast SEO plugin. -->","yoast_head_json":{"title":"Impressum - Vakunda","robots":{"index":"index","follow":"follow","max-snippet":"max-snippet:-1","max-image-preview":"max-image-preview:large","max-video-preview":"max-video-preview:-1"},"canonical":"https:\/\/vakunda.de\/?page_id=2946","og_locale":"de_DE","og_type":"article","og_title":"Impressum - Vakunda","og_description":"Skulpturen von B. Tegeler Ver\u00f6ffentlichung nur auf Anfrage. Inhaltlich verantwortlich gem\u00e4\u00df \u00a7 6 TDG (Teledienstgesetz):Burkhard TegelerPfl\u00fcgerweg 10, 28213 BremenTel.: 0421 \u2013 372 007E-Mail: Tegeler@Vakunda.dehttps:\/\/Vakunda.deCopyright \u00a9 by Burkhard Tegeler. Realisierung der Webseite Petra D\u00f6rsam: Fotografien (Galeriebilder, Outdooraufnahmen)Barbara Behrens: Konzept und Webentwicklung und Fotografien (Outdooraufnahmen, Portraitfoto)Kai Sch\u00e4fer: Programmierung und BugfixingBurkhard Tegeler: Texte und Fotografien (Werkstatt) Haftungsbeschr\u00e4nkungDie Inhalte&hellip; Impressum weiterlesen","og_url":"https:\/\/vakunda.de\/?page_id=2946","og_site_name":"Vakunda","article_modified_time":"2024-10-16T09:26:51+00:00","twitter_card":"summary_large_image","twitter_misc":{"Gesch\u00e4tzte Lesezeit":"10\u00a0Minuten"},"schema":{"@context":"https:\/\/schema.org","@graph":[{"@type":"WebPage","@id":"https:\/\/vakunda.de\/?page_id=2946","url":"https:\/\/vakunda.de\/?page_id=2946","name":"Impressum - Vakunda","isPartOf":{"@id":"https:\/\/vakunda.de\/#website"},"datePublished":"2024-10-16T09:15:41+00:00","dateModified":"2024-10-16T09:26:51+00:00","breadcrumb":{"@id":"https:\/\/vakunda.de\/?page_id=2946#breadcrumb"},"inLanguage":"de","potentialAction":[{"@type":"ReadAction","target":["https:\/\/vakunda.de\/?page_id=2946"]}]},{"@type":"BreadcrumbList","@id":"https:\/\/vakunda.de\/?page_id=2946#breadcrumb","itemListElement":[{"@type":"ListItem","position":1,"name":"Startseite","item":"https:\/\/vakunda.de\/"},{"@type":"ListItem","position":2,"name":"Impressum"}]},{"@type":"WebSite","@id":"https:\/\/vakunda.de\/#website","url":"https:\/\/vakunda.de\/","name":"Vakunda","description":"Plastikwelten","publisher":{"@id":"https:\/\/vakunda.de\/#organization"},"potentialAction":[{"@type":"SearchAction","target":{"@type":"EntryPoint","urlTemplate":"https:\/\/vakunda.de\/?s={search_term_string}"},"query-input":{"@type":"PropertyValueSpecification","valueRequired":true,"valueName":"search_term_string"}}],"inLanguage":"de"},{"@type":"Organization","@id":"https:\/\/vakunda.de\/#organization","name":"Vakunda","url":"https:\/\/vakunda.de\/","logo":{"@type":"ImageObject","inLanguage":"de","@id":"https:\/\/vakunda.de\/#\/schema\/logo\/image\/","url":"https:\/\/vakunda.de\/wp-content\/uploads\/2021\/12\/BT-Logo-orange.png","contentUrl":"https:\/\/vakunda.de\/wp-content\/uploads\/2021\/12\/BT-Logo-orange.png","width":541,"height":122,"caption":"Vakunda"},"image":{"@id":"https:\/\/vakunda.de\/#\/schema\/logo\/image\/"}}]}},"uagb_featured_image_src":{"full":false,"thumbnail":false,"medium":false,"medium_large":false,"large":false,"1536x1536":false,"2048x2048":false,"post-thumbnail":false,"woocommerce_thumbnail":false,"woocommerce_single":false,"woocommerce_gallery_thumbnail":false},"uagb_author_info":{"display_name":"Barbara Behrens","author_link":"https:\/\/vakunda.de\/?author=2"},"uagb_comment_info":0,"uagb_excerpt":"Skulpturen von B. Tegeler Ver\u00f6ffentlichung nur auf Anfrage. Inhaltlich verantwortlich gem\u00e4\u00df \u00a7 6 TDG (Teledienstgesetz):Burkhard TegelerPfl\u00fcgerweg 10, 28213 BremenTel.: 0421 \u2013 372 007E-Mail: Tegeler@Vakunda.dehttps:\/\/Vakunda.deCopyright \u00a9 by Burkhard Tegeler. Realisierung der Webseite Petra D\u00f6rsam: Fotografien (Galeriebilder, Outdooraufnahmen)Barbara Behrens: Konzept und Webentwicklung und Fotografien (Outdooraufnahmen, Portraitfoto)Kai Sch\u00e4fer: Programmierung und BugfixingBurkhard Tegeler: Texte und Fotografien (Werkstatt) Haftungsbeschr\u00e4nkungDie Inhalte&hellip;&hellip;","_links":{"self":[{"href":"https:\/\/vakunda.de\/index.php?rest_route=\/wp\/v2\/pages\/2946","targetHints":{"allow":["GET"]}}],"collection":[{"href":"https:\/\/vakunda.de\/index.php?rest_route=\/wp\/v2\/pages"}],"about":[{"href":"https:\/\/vakunda.de\/index.php?rest_route=\/wp\/v2\/types\/page"}],"author":[{"embeddable":true,"href":"https:\/\/vakunda.de\/index.php?rest_route=\/wp\/v2\/users\/2"}],"replies":[{"embeddable":true,"href":"https:\/\/vakunda.de\/index.php?rest_route=%2Fwp%2Fv2%2Fcomments&post=2946"}],"version-history":[{"count":2,"href":"https:\/\/vakunda.de\/index.php?rest_route=\/wp\/v2\/pages\/2946\/revisions"}],"predecessor-version":[{"id":2948,"href":"https:\/\/vakunda.de\/index.php?rest_route=\/wp\/v2\/pages\/2946\/revisions\/2948"}],"wp:attachment":[{"href":"https:\/\/vakunda.de\/index.php?rest_route=%2Fwp%2Fv2%2Fmedia&parent=2946"}],"curies":[{"name":"wp","href":"https:\/\/api.w.org\/{rel}","templated":true}]}}